{"id":256,"date":"2022-04-01T17:01:15","date_gmt":"2022-04-01T15:01:15","guid":{"rendered":"https:\/\/www.kerzenhaus.de\/kevelaer\/?page_id=256"},"modified":"2026-04-21T16:56:38","modified_gmt":"2026-04-21T14:56:38","slug":"pilgerkerzen","status":"publish","type":"page","link":"https:\/\/www.kerzenhaus.de\/kevelaer\/","title":{"rendered":"Pilgerkerzen"},"content":{"rendered":"\n<p>Im Kerzenhaus neben der Basilika in der Marienwallfahrtsstadt Kevelaer f\u00fchren wir seit 2017 die offiziellen Pilgerkerzen. Sie eignen sich sowohl als extra gro\u00dfe Opferkerzen, um sie gleich vor Ort in der Kerzenkapelle zu entz\u00fcnden, oder auch, um sie zu sammeln. Als Sammelobjekt sind sie sehr beliebt, da f\u00fcr jede Pilgersaison eine neue Edition herausgegeben wird.<\/p>\n\n\n\n<p>Die neue Pilgerkerze ist ab dem 1. Mai 2025, zum Start der Pilgersaison, verf\u00fcgbar.<\/p>\n\n\n\n<h2 class=\"wp-block-heading\">2026: Raum geben<\/h2>\n\n\n\n<figure class=\"wp-block-image size-large\"><img loading=\"lazy\" decoding=\"async\" width=\"1024\" height=\"172\" src=\"http:\/\/www.kerzenhaus.de\/kevelaer\/wp-content\/uploads\/2026\/04\/pilgerkerze-2026-1024x172.jpg\" alt=\"\" class=\"wp-image-316\" srcset=\"https:\/\/www.kerzenhaus.de\/kevelaer\/wp-content\/uploads\/2026\/04\/pilgerkerze-2026-1024x172.jpg 1024w, https:\/\/www.kerzenhaus.de\/kevelaer\/wp-content\/uploads\/2026\/04\/pilgerkerze-2026-300x50.jpg 300w, https:\/\/www.kerzenhaus.de\/kevelaer\/wp-content\/uploads\/2026\/04\/pilgerkerze-2026-768x129.jpg 768w, https:\/\/www.kerzenhaus.de\/kevelaer\/wp-content\/uploads\/2026\/04\/pilgerkerze-2026.jpg 1123w\" sizes=\"auto, (max-width: 1024px) 100vw, 1024px\" \/><\/figure>\n\n\n\n<p>Raum geben, auch auf Niederl\u00e4ndisch verf\u00fcgbar: &#8222;Ruimte geven&#8220;. Extra gro\u00dfe Opferkerze aus dem Marienwallfahrtsort Kevelaer am Niederrhein.<\/p>\n\n\n\n<h2 class=\"wp-block-heading\">2025: Pilger der Hoffnung<\/h2>\n\n\n\n<figure class=\"wp-block-image size-large\"><img loading=\"lazy\" decoding=\"async\" width=\"1024\" height=\"172\" src=\"http:\/\/www.kerzenhaus.de\/kevelaer\/wp-content\/uploads\/2025\/03\/pilgerkerze-2025-1024x172.jpg\" alt=\"\" class=\"wp-image-299\" srcset=\"https:\/\/www.kerzenhaus.de\/kevelaer\/wp-content\/uploads\/2025\/03\/pilgerkerze-2025-1024x172.jpg 1024w, https:\/\/www.kerzenhaus.de\/kevelaer\/wp-content\/uploads\/2025\/03\/pilgerkerze-2025-300x50.jpg 300w, https:\/\/www.kerzenhaus.de\/kevelaer\/wp-content\/uploads\/2025\/03\/pilgerkerze-2025-768x129.jpg 768w, https:\/\/www.kerzenhaus.de\/kevelaer\/wp-content\/uploads\/2025\/03\/pilgerkerze-2025.jpg 1123w\" sizes=\"auto, (max-width: 1024px) 100vw, 1024px\" \/><\/figure>\n\n\n\n<p>Pilger der Hoffnung, auch auf Niederl\u00e4ndisch verf\u00fcgbar: &#8222;Pelgrims van hoop&#8220;. Extra gro\u00dfe Opferkerze aus Kevelaer, dem Marienwallfahrtsort am Niederrhein.<\/p>\n\n\n\n<h2 class=\"wp-block-heading\">2024: Geh mit uns&#8230;<\/h2>\n\n\n\n<figure class=\"wp-block-image size-large\"><img loading=\"lazy\" decoding=\"async\" width=\"1024\" height=\"172\" src=\"https:\/\/www.kerzenhaus.de\/kevelaer\/wp-content\/uploads\/2024\/01\/pilgerkerze-2024-1024x172.jpg\" alt=\"\" class=\"wp-image-291\" srcset=\"https:\/\/www.kerzenhaus.de\/kevelaer\/wp-content\/uploads\/2024\/01\/pilgerkerze-2024-1024x172.jpg 1024w, https:\/\/www.kerzenhaus.de\/kevelaer\/wp-content\/uploads\/2024\/01\/pilgerkerze-2024-300x50.jpg 300w, https:\/\/www.kerzenhaus.de\/kevelaer\/wp-content\/uploads\/2024\/01\/pilgerkerze-2024-768x129.jpg 768w, https:\/\/www.kerzenhaus.de\/kevelaer\/wp-content\/uploads\/2024\/01\/pilgerkerze-2024.jpg 1123w\" sizes=\"auto, (max-width: 1024px) 100vw, 1024px\" \/><\/figure>\n\n\n\n<p>Geh mit uns&#8230; (Lk 24, 13-35). Extra gro\u00dfe Opferkerze aus Kevelaer, dem Wallfahrtsort am Niederrhein.<\/p>\n\n\n\n<h2 class=\"wp-block-heading\">2023: Habt Vertrauen &#8211; Ich bin es<\/h2>\n\n\n\n<figure class=\"wp-block-image size-large\"><img loading=\"lazy\" decoding=\"async\" width=\"1024\" height=\"172\" src=\"http:\/\/www.kerzenhaus.de\/kevelaer\/wp-content\/uploads\/2024\/01\/pilgerkerze-2023-1024x172.jpg\" alt=\"\" class=\"wp-image-292\" srcset=\"https:\/\/www.kerzenhaus.de\/kevelaer\/wp-content\/uploads\/2024\/01\/pilgerkerze-2023-1024x172.jpg 1024w, https:\/\/www.kerzenhaus.de\/kevelaer\/wp-content\/uploads\/2024\/01\/pilgerkerze-2023-300x50.jpg 300w, https:\/\/www.kerzenhaus.de\/kevelaer\/wp-content\/uploads\/2024\/01\/pilgerkerze-2023-768x129.jpg 768w, https:\/\/www.kerzenhaus.de\/kevelaer\/wp-content\/uploads\/2024\/01\/pilgerkerze-2023.jpg 1123w\" sizes=\"auto, (max-width: 1024px) 100vw, 1024px\" \/><\/figure>\n\n\n\n<p>Habt Vertrauen &#8211; Ich bin es (Mt. 14,27). Extra gro\u00dfe Opferkerze aus Kevelaer, dem Wallfahrtsort am Niederrhein.<\/p>\n\n\n\n<h2 class=\"wp-block-heading\">2022: Himmel + Erde ber\u00fchren<\/h2>\n\n\n\n<figure class=\"wp-block-image alignnone size-large wp-image-262\"><img loading=\"lazy\" decoding=\"async\" width=\"1024\" height=\"172\" src=\"http:\/\/www.kerzenhaus.de\/kevelaer\/wp-content\/uploads\/2022\/04\/pilgerkerze-2022-1024x172.jpg\" alt=\"Himmel + Erde ber\u00fchren. Extra gro\u00dfe Opferkerze aus Kevelaer, dem Wallfahrtsort am Niederrhein.\" class=\"wp-image-262\" srcset=\"https:\/\/www.kerzenhaus.de\/kevelaer\/wp-content\/uploads\/2022\/04\/pilgerkerze-2022-1024x172.jpg 1024w, https:\/\/www.kerzenhaus.de\/kevelaer\/wp-content\/uploads\/2022\/04\/pilgerkerze-2022-300x50.jpg 300w, https:\/\/www.kerzenhaus.de\/kevelaer\/wp-content\/uploads\/2022\/04\/pilgerkerze-2022-768x129.jpg 768w, https:\/\/www.kerzenhaus.de\/kevelaer\/wp-content\/uploads\/2022\/04\/pilgerkerze-2022.jpg 1123w\" sizes=\"auto, (max-width: 1024px) 100vw, 1024px\" \/><figcaption class=\"wp-element-caption\">Himmel + Erde ber\u00fchren. Extra gro\u00dfe Opferkerze aus Kevelaer, dem Wallfahrtsort am Niederrhein.<\/figcaption><\/figure>\n\n\n\n<h2 class=\"wp-block-heading\">2021: Atme in uns, Heiliger Geist<\/h2>\n\n\n\n<figure class=\"wp-block-image alignnone size-large wp-image-261\"><img loading=\"lazy\" decoding=\"async\" width=\"1024\" height=\"172\" src=\"http:\/\/www.kerzenhaus.de\/kevelaer\/wp-content\/uploads\/2022\/04\/pilgerkerze-2021-1024x172.jpg\" alt=\"Atme in uns, Hl. Geist. Extra gro\u00dfe Opferkerze aus Kevelaer, dem Wallfahrtsort am Niederrhein.\" class=\"wp-image-261\" srcset=\"https:\/\/www.kerzenhaus.de\/kevelaer\/wp-content\/uploads\/2022\/04\/pilgerkerze-2021-1024x172.jpg 1024w, https:\/\/www.kerzenhaus.de\/kevelaer\/wp-content\/uploads\/2022\/04\/pilgerkerze-2021-300x50.jpg 300w, https:\/\/www.kerzenhaus.de\/kevelaer\/wp-content\/uploads\/2022\/04\/pilgerkerze-2021-768x129.jpg 768w, https:\/\/www.kerzenhaus.de\/kevelaer\/wp-content\/uploads\/2022\/04\/pilgerkerze-2021.jpg 1123w\" sizes=\"auto, (max-width: 1024px) 100vw, 1024px\" \/><figcaption class=\"wp-element-caption\">Atme in uns, Hl. Geist. Extra gro\u00dfe Opferkerze aus Kevelaer, dem Wallfahrtsort am Niederrhein.<\/figcaption><\/figure>\n\n\n\n<h2 class=\"wp-block-heading\">2020: Ich bin, wo Du bist!<\/h2>\n\n\n\n<figure class=\"wp-block-image alignnone size-large wp-image-260\"><img loading=\"lazy\" decoding=\"async\" width=\"1024\" height=\"172\" src=\"http:\/\/www.kerzenhaus.de\/kevelaer\/wp-content\/uploads\/2022\/04\/pilgerkerze-2020-1024x172.jpg\" alt=\"Ich bin, wo Du bist! Extra gro\u00dfe Opferkerze aus Kevelaer, dem Wallfahrtsort am Niederrhein.\" class=\"wp-image-260\" srcset=\"https:\/\/www.kerzenhaus.de\/kevelaer\/wp-content\/uploads\/2022\/04\/pilgerkerze-2020-1024x172.jpg 1024w, https:\/\/www.kerzenhaus.de\/kevelaer\/wp-content\/uploads\/2022\/04\/pilgerkerze-2020-300x50.jpg 300w, https:\/\/www.kerzenhaus.de\/kevelaer\/wp-content\/uploads\/2022\/04\/pilgerkerze-2020-768x129.jpg 768w, https:\/\/www.kerzenhaus.de\/kevelaer\/wp-content\/uploads\/2022\/04\/pilgerkerze-2020.jpg 1123w\" sizes=\"auto, (max-width: 1024px) 100vw, 1024px\" \/><figcaption class=\"wp-element-caption\">Ich bin, wo Du bist! Extra gro\u00dfe Opferkerze aus Kevelaer, dem Wallfahrtsort am Niederrhein.<\/figcaption><\/figure>\n\n\n\n<h2 class=\"wp-block-heading\">2019: Herr, wohin sollen wir gehen?<\/h2>\n\n\n\n<figure class=\"wp-block-image alignnone size-large wp-image-259\"><img loading=\"lazy\" decoding=\"async\" width=\"1024\" height=\"172\" src=\"http:\/\/www.kerzenhaus.de\/kevelaer\/wp-content\/uploads\/2022\/04\/pilgerkerze-2019-1024x172.jpg\" alt=\"Herr, wohin sollen wir gehen? Extra gro\u00dfe Opferkerze aus Kevelaer, dem Wallfahrtsort am Niederrhein.\" class=\"wp-image-259\" srcset=\"https:\/\/www.kerzenhaus.de\/kevelaer\/wp-content\/uploads\/2022\/04\/pilgerkerze-2019-1024x172.jpg 1024w, https:\/\/www.kerzenhaus.de\/kevelaer\/wp-content\/uploads\/2022\/04\/pilgerkerze-2019-300x50.jpg 300w, https:\/\/www.kerzenhaus.de\/kevelaer\/wp-content\/uploads\/2022\/04\/pilgerkerze-2019-768x129.jpg 768w, https:\/\/www.kerzenhaus.de\/kevelaer\/wp-content\/uploads\/2022\/04\/pilgerkerze-2019.jpg 1123w\" sizes=\"auto, (max-width: 1024px) 100vw, 1024px\" \/><figcaption class=\"wp-element-caption\">Herr, wohin sollen wir gehen? Extra gro\u00dfe Opferkerze aus Kevelaer, dem Wallfahrtsort am Niederrhein.<\/figcaption><\/figure>\n\n\n\n<h2 class=\"wp-block-heading\">2018: Suche Frieden<\/h2>\n\n\n\n<figure class=\"wp-block-image alignnone size-large wp-image-264\"><img loading=\"lazy\" decoding=\"async\" width=\"1024\" height=\"172\" src=\"http:\/\/www.kerzenhaus.de\/kevelaer\/wp-content\/uploads\/2022\/04\/pilgerkerze-2018-1024x172.jpg\" alt=\"Suche Frieden. Extra gro\u00dfe Opferkerze aus Kevelaer, dem Wallfahrtsort am Niederrhein.\" class=\"wp-image-264\" srcset=\"https:\/\/www.kerzenhaus.de\/kevelaer\/wp-content\/uploads\/2022\/04\/pilgerkerze-2018-1024x172.jpg 1024w, https:\/\/www.kerzenhaus.de\/kevelaer\/wp-content\/uploads\/2022\/04\/pilgerkerze-2018-300x50.jpg 300w, https:\/\/www.kerzenhaus.de\/kevelaer\/wp-content\/uploads\/2022\/04\/pilgerkerze-2018-768x129.jpg 768w, https:\/\/www.kerzenhaus.de\/kevelaer\/wp-content\/uploads\/2022\/04\/pilgerkerze-2018.jpg 1123w\" sizes=\"auto, (max-width: 1024px) 100vw, 1024px\" \/><figcaption class=\"wp-element-caption\">Suche Frieden. Extra gro\u00dfe Opferkerze aus Kevelaer, dem Wallfahrtsort am Niederrhein.<\/figcaption><\/figure>\n\n\n\n<h2 class=\"wp-block-heading\">2017: 375 Jahre Kevelaer Wallfahrt<\/h2>\n\n\n\n<figure class=\"wp-block-image alignnone size-large wp-image-263\"><img loading=\"lazy\" decoding=\"async\" width=\"1024\" height=\"172\" src=\"http:\/\/www.kerzenhaus.de\/kevelaer\/wp-content\/uploads\/2022\/04\/pilgerkerze-2017-1024x172.jpg\" alt=\"Kevelaer375. 375 Jahre Kevelaer Wallfahrt. Extra gro\u00dfe Opferkerze aus Kevelaer, dem Wallfahrtsort am Niederrhein.\" class=\"wp-image-263\" srcset=\"https:\/\/www.kerzenhaus.de\/kevelaer\/wp-content\/uploads\/2022\/04\/pilgerkerze-2017-1024x172.jpg 1024w, https:\/\/www.kerzenhaus.de\/kevelaer\/wp-content\/uploads\/2022\/04\/pilgerkerze-2017-300x50.jpg 300w, https:\/\/www.kerzenhaus.de\/kevelaer\/wp-content\/uploads\/2022\/04\/pilgerkerze-2017-768x129.jpg 768w, https:\/\/www.kerzenhaus.de\/kevelaer\/wp-content\/uploads\/2022\/04\/pilgerkerze-2017.jpg 1123w\" sizes=\"auto, (max-width: 1024px) 100vw, 1024px\" \/><figcaption class=\"wp-element-caption\">Kevelaer375. 375 Jahre Kevelaer Wallfahrt. Extra gro\u00dfe Opferkerze aus Kevelaer, dem Wallfahrtsort am Niederrhein.<\/figcaption><\/figure>\n","protected":false},"excerpt":{"rendered":"<p>Im Kerzenhaus neben der Basilika in der Marienwallfahrtsstadt Kevelaer f\u00fchren wir seit 2017 die offiziellen Pilgerkerzen. Sie eignen sich sowohl als extra gro\u00dfe Opferkerzen,&#8230;<\/p>\n","protected":false},"author":2,"featured_media":314,"parent":0,"menu_order":0,"comment_status":"closed","ping_status":"closed","template":"","meta":{"footnotes":""},"class_list":["post-256","page","type-page","status-publish","has-post-thumbnail","hentry"],"_links":{"self":[{"href":"https:\/\/www.kerzenhaus.de\/kevelaer\/wp-json\/wp\/v2\/pages\/256","targetHints":{"allow":["GET"]}}],"collection":[{"href":"https:\/\/www.kerzenhaus.de\/kevelaer\/wp-json\/wp\/v2\/pages"}],"about":[{"href":"https:\/\/www.kerzenhaus.de\/kevelaer\/wp-json\/wp\/v2\/types\/page"}],"author":[{"embeddable":true,"href":"https:\/\/www.kerzenhaus.de\/kevelaer\/wp-json\/wp\/v2\/users\/2"}],"replies":[{"embeddable":true,"href":"https:\/\/www.kerzenhaus.de\/kevelaer\/wp-json\/wp\/v2\/comments?post=256"}],"version-history":[{"count":11,"href":"https:\/\/www.kerzenhaus.de\/kevelaer\/wp-json\/wp\/v2\/pages\/256\/revisions"}],"predecessor-version":[{"id":328,"href":"https:\/\/www.kerzenhaus.de\/kevelaer\/wp-json\/wp\/v2\/pages\/256\/revisions\/328"}],"wp:featuredmedia":[{"embeddable":true,"href":"https:\/\/www.kerzenhaus.de\/kevelaer\/wp-json\/wp\/v2\/media\/314"}],"wp:attachment":[{"href":"https:\/\/www.kerzenhaus.de\/kevelaer\/wp-json\/wp\/v2\/media?parent=256"}],"curies":[{"name":"wp","href":"https:\/\/api.w.org\/{rel}","templated":true}]}}